{"id":458,"date":"2024-10-17T15:10:06","date_gmt":"2024-10-17T15:10:06","guid":{"rendered":"https:\/\/www.ylojarventaideyhdistys.fi\/?page_id=458"},"modified":"2024-10-29T14:51:14","modified_gmt":"2024-10-29T14:51:14","slug":"yhteisotaideprojekti","status":"publish","type":"page","link":"https:\/\/www.ylojarventaideyhdistys.fi\/index.php\/yhteisotaideprojekti\/","title":{"rendered":"Yhteis\u00f6taideprojekti"},"content":{"rendered":"\n<p><br>YL\u00d6J\u00c4RVEN YMPYR\u00c4T -yhteis\u00f6taideprojekti on taidepaja, jossa p\u00e4\u00e4see osallistumaan yhteis\u00f6taideteoksen luomiseen kankaalle. Yhteis\u00f6taidepaja kiert\u00e4\u00e4 erilaisissa tapahtumissa vuoden ajan, alkaen 12.10.2024 Art Yl\u00f6j\u00e4rvi -tapahtumasta Kulttuuriosuuskunta Sauriolla.<\/p>\n\n\n\n<p>Ty\u00f6pajaan voi osallistua mieleisens\u00e4 hetken ja se sopii kaikenik\u00e4isille. Alle kouluik\u00e4iset voivat osallistua vanhempiensa kanssa. Osallistuakseen ei tarvitse osata mit\u00e4\u00e4n. Voi vaan kuulostella milt\u00e4 tuntuu ja jatkaa vaikka siit\u00e4 mihin edellinen osallistuja lopetti.<\/p>\n\n\n\n<p>Projektin tuottajana ja ohjaajana toimii kuvataiteilija Johanna Palom\u00e4ki ja Yl\u00f6j\u00e4rven Taideyhdistys ry.<\/p>\n\n\n\n<p>Valmis teos lahjoitetaan Yl\u00f6j\u00e4rven kaupungille vuoden 2025 Art Yl\u00f6j\u00e4rvi -tapahtumassa Kulttuuriosuuskunta Sauriolla 13.10.2025.<\/p>\n\n\n\n<p>Yhteis\u00f6taideprojektin edistymist\u00e4 voi seurata YTYn nettisivuilla ja sosiaalisessa mediassa, miss\u00e4 my\u00f6s ilmoitetaan seuraavat tapahtumat, joissa ty\u00f6pajaan voi osallistua.<\/p>\n\n\n\n<figure class=\"wp-block-gallery has-nested-images columns-default is-cropped wp-block-gallery-1 is-layout-flex wp-block-gallery-is-layout-flex\">\n<figure class=\"wp-block-image size-large\"><img loading=\"lazy\" decoding=\"async\" width=\"1024\" height=\"745\" data-id=\"477\" src=\"https:\/\/www.ylojarventaideyhdistys.fi\/wp-content\/uploads\/2024\/10\/PHOTO-2024-10-28-14-29-51-1024x745.jpg\" alt=\"\" class=\"wp-image-477\" srcset=\"https:\/\/www.ylojarventaideyhdistys.fi\/wp-content\/uploads\/2024\/10\/PHOTO-2024-10-28-14-29-51-1024x745.jpg 1024w, https:\/\/www.ylojarventaideyhdistys.fi\/wp-content\/uploads\/2024\/10\/PHOTO-2024-10-28-14-29-51-300x218.jpg 300w, https:\/\/www.ylojarventaideyhdistys.fi\/wp-content\/uploads\/2024\/10\/PHOTO-2024-10-28-14-29-51-768x558.jpg 768w, https:\/\/www.ylojarventaideyhdistys.fi\/wp-content\/uploads\/2024\/10\/PHOTO-2024-10-28-14-29-51-1536x1117.jpg 1536w, https:\/\/www.ylojarventaideyhdistys.fi\/wp-content\/uploads\/2024\/10\/PHOTO-2024-10-28-14-29-51.jpg 2048w\" sizes=\"auto, (max-width: 1024px) 100vw, 1024px\" \/><figcaption class=\"wp-element-caption\">Ruudun takaa 26.10.2024<\/figcaption><\/figure>\n\n\n\n<figure class=\"wp-block-image size-large\"><img loading=\"lazy\" decoding=\"async\" width=\"1024\" height=\"759\" data-id=\"478\" src=\"https:\/\/www.ylojarventaideyhdistys.fi\/wp-content\/uploads\/2024\/10\/PHOTO-2024-10-28-14-29-51-1-1024x759.jpg\" alt=\"\" class=\"wp-image-478\" srcset=\"https:\/\/www.ylojarventaideyhdistys.fi\/wp-content\/uploads\/2024\/10\/PHOTO-2024-10-28-14-29-51-1-1024x759.jpg 1024w, https:\/\/www.ylojarventaideyhdistys.fi\/wp-content\/uploads\/2024\/10\/PHOTO-2024-10-28-14-29-51-1-300x222.jpg 300w, https:\/\/www.ylojarventaideyhdistys.fi\/wp-content\/uploads\/2024\/10\/PHOTO-2024-10-28-14-29-51-1-768x569.jpg 768w, https:\/\/www.ylojarventaideyhdistys.fi\/wp-content\/uploads\/2024\/10\/PHOTO-2024-10-28-14-29-51-1-1536x1138.jpg 1536w, https:\/\/www.ylojarventaideyhdistys.fi\/wp-content\/uploads\/2024\/10\/PHOTO-2024-10-28-14-29-51-1.jpg 2048w\" sizes=\"auto, (max-width: 1024px) 100vw, 1024px\" \/><figcaption class=\"wp-element-caption\">Ruudun takaa 26.10.2024<\/figcaption><\/figure>\n<\/figure>\n\n\n\n<figure class=\"wp-block-gallery has-nested-images columns-default is-cropped wp-block-gallery-2 is-layout-flex wp-block-gallery-is-layout-flex\">\n<figure class=\"wp-block-image size-full\"><img loading=\"lazy\" decoding=\"async\" width=\"1827\" height=\"944\" data-id=\"456\" src=\"https:\/\/www.ylojarventaideyhdistys.fi\/wp-content\/uploads\/2024\/10\/478150F0-B2EA-4F9A-83B4-12948AB34719.jpeg\" alt=\"\" class=\"wp-image-456\" srcset=\"https:\/\/www.ylojarventaideyhdistys.fi\/wp-content\/uploads\/2024\/10\/478150F0-B2EA-4F9A-83B4-12948AB34719.jpeg 1827w, https:\/\/www.ylojarventaideyhdistys.fi\/wp-content\/uploads\/2024\/10\/478150F0-B2EA-4F9A-83B4-12948AB34719-300x155.jpeg 300w, https:\/\/www.ylojarventaideyhdistys.fi\/wp-content\/uploads\/2024\/10\/478150F0-B2EA-4F9A-83B4-12948AB34719-1024x529.jpeg 1024w, https:\/\/www.ylojarventaideyhdistys.fi\/wp-content\/uploads\/2024\/10\/478150F0-B2EA-4F9A-83B4-12948AB34719-768x397.jpeg 768w, https:\/\/www.ylojarventaideyhdistys.fi\/wp-content\/uploads\/2024\/10\/478150F0-B2EA-4F9A-83B4-12948AB34719-1536x794.jpeg 1536w\" sizes=\"auto, (max-width: 1827px) 100vw, 1827px\" \/><figcaption class=\"wp-element-caption\">Sauriolla 12.10.2024<\/figcaption><\/figure>\n\n\n\n<figure class=\"wp-block-image size-full\"><img loading=\"lazy\" decoding=\"async\" width=\"2048\" height=\"1244\" data-id=\"455\" src=\"https:\/\/www.ylojarventaideyhdistys.fi\/wp-content\/uploads\/2024\/10\/201151D1-FE56-4158-B95A-3A458A5206F5.jpeg\" alt=\"\" class=\"wp-image-455\" srcset=\"https:\/\/www.ylojarventaideyhdistys.fi\/wp-content\/uploads\/2024\/10\/201151D1-FE56-4158-B95A-3A458A5206F5.jpeg 2048w, https:\/\/www.ylojarventaideyhdistys.fi\/wp-content\/uploads\/2024\/10\/201151D1-FE56-4158-B95A-3A458A5206F5-300x182.jpeg 300w, https:\/\/www.ylojarventaideyhdistys.fi\/wp-content\/uploads\/2024\/10\/201151D1-FE56-4158-B95A-3A458A5206F5-1024x622.jpeg 1024w, https:\/\/www.ylojarventaideyhdistys.fi\/wp-content\/uploads\/2024\/10\/201151D1-FE56-4158-B95A-3A458A5206F5-768x467.jpeg 768w, https:\/\/www.ylojarventaideyhdistys.fi\/wp-content\/uploads\/2024\/10\/201151D1-FE56-4158-B95A-3A458A5206F5-1536x933.jpeg 1536w\" sizes=\"auto, (max-width: 2048px) 100vw, 2048px\" \/><figcaption class=\"wp-element-caption\">Sauriolla 12.10.2024<\/figcaption><\/figure>\n<\/figure>\n\n\n\n<figure class=\"wp-block-gallery has-nested-images columns-default is-cropped wp-block-gallery-3 is-layout-flex wp-block-gallery-is-layout-flex\">\n<figure class=\"wp-block-image size-large\"><img loading=\"lazy\" decoding=\"async\" width=\"1024\" height=\"754\" data-id=\"481\" src=\"https:\/\/www.ylojarventaideyhdistys.fi\/wp-content\/uploads\/2024\/10\/WhatsApp-Image-2024-10-16-at-14.44.25-1-1024x754.jpeg\" alt=\"\" class=\"wp-image-481\" srcset=\"https:\/\/www.ylojarventaideyhdistys.fi\/wp-content\/uploads\/2024\/10\/WhatsApp-Image-2024-10-16-at-14.44.25-1-1024x754.jpeg 1024w, https:\/\/www.ylojarventaideyhdistys.fi\/wp-content\/uploads\/2024\/10\/WhatsApp-Image-2024-10-16-at-14.44.25-1-300x221.jpeg 300w, https:\/\/www.ylojarventaideyhdistys.fi\/wp-content\/uploads\/2024\/10\/WhatsApp-Image-2024-10-16-at-14.44.25-1-768x565.jpeg 768w, https:\/\/www.ylojarventaideyhdistys.fi\/wp-content\/uploads\/2024\/10\/WhatsApp-Image-2024-10-16-at-14.44.25-1-1536x1130.jpeg 1536w, https:\/\/www.ylojarventaideyhdistys.fi\/wp-content\/uploads\/2024\/10\/WhatsApp-Image-2024-10-16-at-14.44.25-1.jpeg 2048w\" sizes=\"auto, (max-width: 1024px) 100vw, 1024px\" \/><figcaption class=\"wp-element-caption\">Sauriolla 12.10.2024<\/figcaption><\/figure>\n\n\n\n<figure class=\"wp-block-image size-large\"><img loading=\"lazy\" decoding=\"async\" width=\"1024\" height=\"776\" data-id=\"453\" src=\"https:\/\/www.ylojarventaideyhdistys.fi\/wp-content\/uploads\/2024\/10\/2221116F-49FA-4525-AFFA-800537E4EF46-1024x776.jpeg\" alt=\"\" class=\"wp-image-453\" srcset=\"https:\/\/www.ylojarventaideyhdistys.fi\/wp-content\/uploads\/2024\/10\/2221116F-49FA-4525-AFFA-800537E4EF46-1024x776.jpeg 1024w, https:\/\/www.ylojarventaideyhdistys.fi\/wp-content\/uploads\/2024\/10\/2221116F-49FA-4525-AFFA-800537E4EF46-300x227.jpeg 300w, https:\/\/www.ylojarventaideyhdistys.fi\/wp-content\/uploads\/2024\/10\/2221116F-49FA-4525-AFFA-800537E4EF46-768x582.jpeg 768w, https:\/\/www.ylojarventaideyhdistys.fi\/wp-content\/uploads\/2024\/10\/2221116F-49FA-4525-AFFA-800537E4EF46-1536x1164.jpeg 1536w, https:\/\/www.ylojarventaideyhdistys.fi\/wp-content\/uploads\/2024\/10\/2221116F-49FA-4525-AFFA-800537E4EF46.jpeg 2048w\" sizes=\"auto, (max-width: 1024px) 100vw, 1024px\" \/><figcaption class=\"wp-element-caption\">Sauriolla 12.10.2024<\/figcaption><\/figure>\n<\/figure>\n","protected":false},"excerpt":{"rendered":"<p>YL\u00d6J\u00c4RVEN YMPYR\u00c4T -yhteis\u00f6taideprojekti on taidepaja, jossa p\u00e4\u00e4see osallistumaan yhteis\u00f6taideteoksen luomiseen kankaalle. Yhteis\u00f6taidepaja kiert\u00e4\u00e4 erilaisissa tapahtumissa vuoden ajan, alkaen 12.10.2024 Art Yl\u00f6j\u00e4rvi -tapahtumasta Kulttuuriosuuskunta Sauriolla. Ty\u00f6pajaan voi osallistua mieleisens\u00e4 hetken ja se sopii kaikenik\u00e4isille. Alle kouluik\u00e4iset voivat osallistua vanhempiensa kanssa. Osallistuakseen ei tarvitse osata mit\u00e4\u00e4n. Voi [&hellip;]<\/p>\n","protected":false},"author":1,"featured_media":0,"parent":0,"menu_order":0,"comment_status":"closed","ping_status":"closed","template":"","meta":{"footnotes":""},"class_list":["post-458","page","type-page","status-publish","hentry"],"yoast_head":"<!-- This site is optimized with the Yoast SEO plugin v27.4 - https:\/\/yoast.com\/product\/yoast-seo-wordpress\/ -->\n<title>Yhteis\u00f6taideprojekti - Yl&ouml;j&auml;rven Taideyhdistys ry<\/title>\n<meta name=\"robots\" content=\"index, follow, max-snippet:-1, max-image-preview:large, max-video-preview:-1\" \/>\n<link rel=\"canonical\" href=\"https:\/\/www.ylojarventaideyhdistys.fi\/index.php\/yhteisotaideprojekti\/\" \/>\n<meta property=\"og:locale\" content=\"fi_FI\" \/>\n<meta property=\"og:type\" content=\"article\" \/>\n<meta property=\"og:title\" content=\"Yhteis\u00f6taideprojekti - Yl&ouml;j&auml;rven Taideyhdistys ry\" \/>\n<meta property=\"og:description\" content=\"YL\u00d6J\u00c4RVEN YMPYR\u00c4T -yhteis\u00f6taideprojekti on taidepaja, jossa p\u00e4\u00e4see osallistumaan yhteis\u00f6taideteoksen luomiseen kankaalle. Yhteis\u00f6taidepaja kiert\u00e4\u00e4 erilaisissa tapahtumissa vuoden ajan, alkaen 12.10.2024 Art Yl\u00f6j\u00e4rvi -tapahtumasta Kulttuuriosuuskunta Sauriolla. Ty\u00f6pajaan voi osallistua mieleisens\u00e4 hetken ja se sopii kaikenik\u00e4isille. Alle kouluik\u00e4iset voivat osallistua vanhempiensa kanssa. Osallistuakseen ei tarvitse osata mit\u00e4\u00e4n. Voi [&hellip;]\" \/>\n<meta property=\"og:url\" content=\"https:\/\/www.ylojarventaideyhdistys.fi\/index.php\/yhteisotaideprojekti\/\" \/>\n<meta property=\"og:site_name\" content=\"Yl&ouml;j&auml;rven Taideyhdistys ry\" \/>\n<meta property=\"article:modified_time\" content=\"2024-10-29T14:51:14+00:00\" \/>\n<meta property=\"og:image\" content=\"https:\/\/www.ylojarventaideyhdistys.fi\/wp-content\/uploads\/2024\/10\/PHOTO-2024-10-28-14-29-51.jpg\" \/>\n\t<meta property=\"og:image:width\" content=\"2048\" \/>\n\t<meta property=\"og:image:height\" content=\"1489\" \/>\n\t<meta property=\"og:image:type\" content=\"image\/jpeg\" \/>\n<meta name=\"twitter:card\" content=\"summary_large_image\" \/>\n<meta name=\"twitter:label1\" content=\"Arvioitu lukuaika\" \/>\n\t<meta name=\"twitter:data1\" content=\"2 minuuttia\" \/>\n<script type=\"application\/ld+json\" class=\"yoast-schema-graph\">{\"@context\":\"https:\\\/\\\/schema.org\",\"@graph\":[{\"@type\":\"WebPage\",\"@id\":\"https:\\\/\\\/www.ylojarventaideyhdistys.fi\\\/index.php\\\/yhteisotaideprojekti\\\/\",\"url\":\"https:\\\/\\\/www.ylojarventaideyhdistys.fi\\\/index.php\\\/yhteisotaideprojekti\\\/\",\"name\":\"Yhteis\u00f6taideprojekti - Yl&ouml;j&auml;rven Taideyhdistys ry\",\"isPartOf\":{\"@id\":\"https:\\\/\\\/www.ylojarventaideyhdistys.fi\\\/#website\"},\"primaryImageOfPage\":{\"@id\":\"https:\\\/\\\/www.ylojarventaideyhdistys.fi\\\/index.php\\\/yhteisotaideprojekti\\\/#primaryimage\"},\"image\":{\"@id\":\"https:\\\/\\\/www.ylojarventaideyhdistys.fi\\\/index.php\\\/yhteisotaideprojekti\\\/#primaryimage\"},\"thumbnailUrl\":\"https:\\\/\\\/www.ylojarventaideyhdistys.fi\\\/wp-content\\\/uploads\\\/2024\\\/10\\\/PHOTO-2024-10-28-14-29-51-1024x745.jpg\",\"datePublished\":\"2024-10-17T15:10:06+00:00\",\"dateModified\":\"2024-10-29T14:51:14+00:00\",\"breadcrumb\":{\"@id\":\"https:\\\/\\\/www.ylojarventaideyhdistys.fi\\\/index.php\\\/yhteisotaideprojekti\\\/#breadcrumb\"},\"inLanguage\":\"fi\",\"potentialAction\":[{\"@type\":\"ReadAction\",\"target\":[\"https:\\\/\\\/www.ylojarventaideyhdistys.fi\\\/index.php\\\/yhteisotaideprojekti\\\/\"]}]},{\"@type\":\"ImageObject\",\"inLanguage\":\"fi\",\"@id\":\"https:\\\/\\\/www.ylojarventaideyhdistys.fi\\\/index.php\\\/yhteisotaideprojekti\\\/#primaryimage\",\"url\":\"https:\\\/\\\/www.ylojarventaideyhdistys.fi\\\/wp-content\\\/uploads\\\/2024\\\/10\\\/PHOTO-2024-10-28-14-29-51.jpg\",\"contentUrl\":\"https:\\\/\\\/www.ylojarventaideyhdistys.fi\\\/wp-content\\\/uploads\\\/2024\\\/10\\\/PHOTO-2024-10-28-14-29-51.jpg\",\"width\":2048,\"height\":1489,\"caption\":\"Ruudun takaa 26.10.2024\"},{\"@type\":\"BreadcrumbList\",\"@id\":\"https:\\\/\\\/www.ylojarventaideyhdistys.fi\\\/index.php\\\/yhteisotaideprojekti\\\/#breadcrumb\",\"itemListElement\":[{\"@type\":\"ListItem\",\"position\":1,\"name\":\"Etusivu\",\"item\":\"https:\\\/\\\/www.ylojarventaideyhdistys.fi\\\/\"},{\"@type\":\"ListItem\",\"position\":2,\"name\":\"Yhteis\u00f6taideprojekti\"}]},{\"@type\":\"WebSite\",\"@id\":\"https:\\\/\\\/www.ylojarventaideyhdistys.fi\\\/#website\",\"url\":\"https:\\\/\\\/www.ylojarventaideyhdistys.fi\\\/\",\"name\":\"Yl&ouml;j&auml;rven Taideyhdistys ry\",\"description\":\"- poikkitaiteellinen yhdistys -\",\"potentialAction\":[{\"@type\":\"SearchAction\",\"target\":{\"@type\":\"EntryPoint\",\"urlTemplate\":\"https:\\\/\\\/www.ylojarventaideyhdistys.fi\\\/?s={search_term_string}\"},\"query-input\":{\"@type\":\"PropertyValueSpecification\",\"valueRequired\":true,\"valueName\":\"search_term_string\"}}],\"inLanguage\":\"fi\"}]}<\/script>\n<!-- \/ Yoast SEO plugin. -->","yoast_head_json":{"title":"Yhteis\u00f6taideprojekti - Yl&ouml;j&auml;rven Taideyhdistys ry","robots":{"index":"index","follow":"follow","max-snippet":"max-snippet:-1","max-image-preview":"max-image-preview:large","max-video-preview":"max-video-preview:-1"},"canonical":"https:\/\/www.ylojarventaideyhdistys.fi\/index.php\/yhteisotaideprojekti\/","og_locale":"fi_FI","og_type":"article","og_title":"Yhteis\u00f6taideprojekti - Yl&ouml;j&auml;rven Taideyhdistys ry","og_description":"YL\u00d6J\u00c4RVEN YMPYR\u00c4T -yhteis\u00f6taideprojekti on taidepaja, jossa p\u00e4\u00e4see osallistumaan yhteis\u00f6taideteoksen luomiseen kankaalle. Yhteis\u00f6taidepaja kiert\u00e4\u00e4 erilaisissa tapahtumissa vuoden ajan, alkaen 12.10.2024 Art Yl\u00f6j\u00e4rvi -tapahtumasta Kulttuuriosuuskunta Sauriolla. Ty\u00f6pajaan voi osallistua mieleisens\u00e4 hetken ja se sopii kaikenik\u00e4isille. Alle kouluik\u00e4iset voivat osallistua vanhempiensa kanssa. Osallistuakseen ei tarvitse osata mit\u00e4\u00e4n. Voi [&hellip;]","og_url":"https:\/\/www.ylojarventaideyhdistys.fi\/index.php\/yhteisotaideprojekti\/","og_site_name":"Yl&ouml;j&auml;rven Taideyhdistys ry","article_modified_time":"2024-10-29T14:51:14+00:00","og_image":[{"width":2048,"height":1489,"url":"https:\/\/www.ylojarventaideyhdistys.fi\/wp-content\/uploads\/2024\/10\/PHOTO-2024-10-28-14-29-51.jpg","type":"image\/jpeg"}],"twitter_card":"summary_large_image","twitter_misc":{"Arvioitu lukuaika":"2 minuuttia"},"schema":{"@context":"https:\/\/schema.org","@graph":[{"@type":"WebPage","@id":"https:\/\/www.ylojarventaideyhdistys.fi\/index.php\/yhteisotaideprojekti\/","url":"https:\/\/www.ylojarventaideyhdistys.fi\/index.php\/yhteisotaideprojekti\/","name":"Yhteis\u00f6taideprojekti - Yl&ouml;j&auml;rven Taideyhdistys ry","isPartOf":{"@id":"https:\/\/www.ylojarventaideyhdistys.fi\/#website"},"primaryImageOfPage":{"@id":"https:\/\/www.ylojarventaideyhdistys.fi\/index.php\/yhteisotaideprojekti\/#primaryimage"},"image":{"@id":"https:\/\/www.ylojarventaideyhdistys.fi\/index.php\/yhteisotaideprojekti\/#primaryimage"},"thumbnailUrl":"https:\/\/www.ylojarventaideyhdistys.fi\/wp-content\/uploads\/2024\/10\/PHOTO-2024-10-28-14-29-51-1024x745.jpg","datePublished":"2024-10-17T15:10:06+00:00","dateModified":"2024-10-29T14:51:14+00:00","breadcrumb":{"@id":"https:\/\/www.ylojarventaideyhdistys.fi\/index.php\/yhteisotaideprojekti\/#breadcrumb"},"inLanguage":"fi","potentialAction":[{"@type":"ReadAction","target":["https:\/\/www.ylojarventaideyhdistys.fi\/index.php\/yhteisotaideprojekti\/"]}]},{"@type":"ImageObject","inLanguage":"fi","@id":"https:\/\/www.ylojarventaideyhdistys.fi\/index.php\/yhteisotaideprojekti\/#primaryimage","url":"https:\/\/www.ylojarventaideyhdistys.fi\/wp-content\/uploads\/2024\/10\/PHOTO-2024-10-28-14-29-51.jpg","contentUrl":"https:\/\/www.ylojarventaideyhdistys.fi\/wp-content\/uploads\/2024\/10\/PHOTO-2024-10-28-14-29-51.jpg","width":2048,"height":1489,"caption":"Ruudun takaa 26.10.2024"},{"@type":"BreadcrumbList","@id":"https:\/\/www.ylojarventaideyhdistys.fi\/index.php\/yhteisotaideprojekti\/#breadcrumb","itemListElement":[{"@type":"ListItem","position":1,"name":"Etusivu","item":"https:\/\/www.ylojarventaideyhdistys.fi\/"},{"@type":"ListItem","position":2,"name":"Yhteis\u00f6taideprojekti"}]},{"@type":"WebSite","@id":"https:\/\/www.ylojarventaideyhdistys.fi\/#website","url":"https:\/\/www.ylojarventaideyhdistys.fi\/","name":"Yl&ouml;j&auml;rven Taideyhdistys ry","description":"- poikkitaiteellinen yhdistys -","potentialAction":[{"@type":"SearchAction","target":{"@type":"EntryPoint","urlTemplate":"https:\/\/www.ylojarventaideyhdistys.fi\/?s={search_term_string}"},"query-input":{"@type":"PropertyValueSpecification","valueRequired":true,"valueName":"search_term_string"}}],"inLanguage":"fi"}]}},"_links":{"self":[{"href":"https:\/\/www.ylojarventaideyhdistys.fi\/index.php\/wp-json\/wp\/v2\/pages\/458","targetHints":{"allow":["GET"]}}],"collection":[{"href":"https:\/\/www.ylojarventaideyhdistys.fi\/index.php\/wp-json\/wp\/v2\/pages"}],"about":[{"href":"https:\/\/www.ylojarventaideyhdistys.fi\/index.php\/wp-json\/wp\/v2\/types\/page"}],"author":[{"embeddable":true,"href":"https:\/\/www.ylojarventaideyhdistys.fi\/index.php\/wp-json\/wp\/v2\/users\/1"}],"replies":[{"embeddable":true,"href":"https:\/\/www.ylojarventaideyhdistys.fi\/index.php\/wp-json\/wp\/v2\/comments?post=458"}],"version-history":[{"count":3,"href":"https:\/\/www.ylojarventaideyhdistys.fi\/index.php\/wp-json\/wp\/v2\/pages\/458\/revisions"}],"predecessor-version":[{"id":482,"href":"https:\/\/www.ylojarventaideyhdistys.fi\/index.php\/wp-json\/wp\/v2\/pages\/458\/revisions\/482"}],"wp:attachment":[{"href":"https:\/\/www.ylojarventaideyhdistys.fi\/index.php\/wp-json\/wp\/v2\/media?parent=458"}],"curies":[{"name":"wp","href":"https:\/\/api.w.org\/{rel}","templated":true}]}}